{"id":266,"date":"2015-10-17T07:36:03","date_gmt":"2015-10-17T07:36:03","guid":{"rendered":"http:\/\/dev.themetrail.com\/realty\/?page_id=266"},"modified":"2015-10-17T07:36:03","modified_gmt":"2015-10-17T07:36:03","slug":"intro-fullscreen-slideshow","status":"publish","type":"page","link":"https:\/\/almisum.hr\/hr\/intro-fullscreen-slideshow\/","title":{"rendered":"Intro &#8211; Fullscreen Slideshow"},"content":{"rendered":"<div class=\"wpb-content-wrapper\"><p>[vc_row full_width=&#8221;full_width&#8221; background_overlay=&#8221;full_width&#8221; background_overlay_color=&#8221;rgba(0,0,0,0.4)&#8221; slideshow_bg_url=&#8221;94,96,120&#8243; full_height=&#8221;yes&#8221; parallax=&#8221;content-moving&#8221; css=&#8221;.vc_custom_1464586358005{background-position: center;background-repeat: no-repeat;background-size: cover !important;}&#8221; slideshow_bg=&#8221;true&#8221;][vc_column][vc_row_inner equal_height=&#8221;yes&#8221; content_placement=&#8221;top&#8221;][vc_column_inner el_class=&#8221;text-align-right&#8221; width=&#8221;1\/2&#8243; css=&#8221;.vc_custom_1465829314880{padding-right: 15px !important;padding-left: 15px !important;}&#8221;][vc_custom_heading text=&#8221;Welcome to Realty&#8221; font_container=&#8221;tag:h1|text_align:right|color:%23eeeeee|line_height:1&#8243; use_theme_fonts=&#8221;yes&#8221; css=&#8221;.vc_custom_1464586958205{margin-bottom: .25em !important;}&#8221; el_class=&#8221;font-weight-700&#8243;][vc_column_text]<\/p>\n<p class=\"lead\" style=\"color: #eeeeee;\">Unlimited real estate potential<\/p>\n<p style=\"color: #eeeeee;\">This intro page is a good place to add a background image, background slideshows or background video.<\/p>\n<p>[\/vc_column_text]<a href=\"http:\/\/localhost\/realty\/\" class=\"btn btn-primary btn-lg\">Explore the theme<\/a>[\/vc_column_inner][vc_column_inner width=&#8221;1\/2&#8243; css=&#8221;.vc_custom_1465829323013{padding-right: 15px !important;padding-left: 15px !important;}&#8221;]\n\t\t\n\t\t\t<div class=\"property-carousel arrows-below\">\n\n\t\t\t\t<div class=\"hide-initially\" id=\"property_carousel_762981803\">\n\t\t\t\t\t\t\t\t\t\t\t<div>\n\t\t\t\t\t\t\t\n<div class=\"property-item border-box  featured\">\n\n\t<a href=\"https:\/\/almisum.hr\/hr\/property\/beach-property\/\">\n\t\t<figure class=\"property-thumbnail\">\n\t\t\t<img decoding=\"async\" width=\"600\" height=\"300\" src=\"https:\/\/almisum.hr\/wp-content\/uploads\/2022\/10\/Slika-zaslona-2022-10-22-u-18.16.05-600x300.jpg\" class=\" wp-post-image\" alt=\"\" \/>\t\t\t<figcaption>\n\t\t\t\t<div class=\"property-excerpt\">\n\t\t\t\t\t<h4 class=\"address\">J677+PX Mlini, Croatia<\/h4>\n\t\t\t\t\t<p>Beach property, 18 condos, 36 parking lots, all condos sea view, distance to sea shore 15 m. We gathering interested ..<\/p>\n\t\t\t\t\t<\/div>\n\t\t\t\t\t\t\t\t<\/figcaption>\n\t\t<\/figure>\n\t<\/a>\n\n\t<div class=\"property-content content\">\n\t\t<div class=\"property-title\">\n\t\t\t<a href=\"https:\/\/almisum.hr\/hr\/property\/beach-property\/\"><h3 class=\"title\">Beach Property<\/h3><\/a>\n\t\t<\/div>\n\t\t\n\t\t\n\t\t<div class=\"property-price\">\n\n\t\t\t<div class=\"price-tag\">\n\t\t\t\t\t\t\t<\/div>\n\n\t\t\t<div class=\"property-icons\">\n\t\t\t\t\t\t\t\t\t<span style=\"position: relative\">\n\t\t\t\t\t\t<div class=\"share-unit\" style=\"display: none;\">\n\t\t\t\t\t\t\t<a class=\"social-facebook\" target=\"_blank\" href=\"http:\/\/www.facebook.com\/sharer.php?u=https%3A%2F%2Falmisum.hr%2Fhr%2Fproperty%2Fbeach-property%2F&amp;t=Beach+Property\"><i class=\"icon-facebook\"><\/i><\/a>\n\t\t\t\t\t\t\t<a target=\"_blank\" class=\"social-twitter\" href=\"http:\/\/twitter.com\/home?status=Beach+Property+https%3A%2F%2Falmisum.hr%2Fhr%2Fproperty%2Fbeach-property%2F\"><i class=\"icon-twitter\"><\/i><\/a>\n\t\t\t\t\t\t\t<a class=\"social-google\" target=\"_blank\" onclick=\"javascript:window.open(this.href,'', 'menubar=no,toolbar=no,resizable=yes,scrollbars=yes,height=600,width=600');return false;\" href=\"https:\/\/plus.google.com\/share?url=https:\/\/almisum.hr\/hr\/property\/beach-property\/\"><i class=\"icon-google-plus\"><\/i><\/a>\n\t\t\t\t\t\t\t<a class=\"social-pinterest\" target=\"_blank\" href=\"http:\/\/pinterest.com\/pin\/create\/button\/?url=https:\/\/almisum.hr\/hr\/property\/beach-property\/&amp;description=https%3A%2F%2Falmisum.hr%2Fhr%2Fproperty%2Fbeach-property%2F\"><i class=\"icon-pinterest\"><\/i><\/a>\n\t\t\t\t\t\t<\/div>\n\t\t\t\t\t\t<i class=\"icon-share share-property\" data-toggle=\"tooltip\" data-original-title=\"Share\" title=\"Share\"><\/i>\n\t\t\t\t\t<\/span>\n\t\t\t\t\n\t\t\t\t<i class=\"add-to-favorites icon-heart-1\" data-fav-id=\"3423\" data-toggle=\"tooltip\" title=\"Add To Favorites\"><\/i><i class=\"icon-add compare-property\" data-compare-id=\"3423\" data-toggle=\"tooltip\" title=\"Compare\"><\/i>\n\t\t\t\t\n\t\t\t<\/div><!-- .property-icons -->\n\t\t\t<div class=\"clearfix\"><\/div>\n\n\t\t<\/div><!-- .property-price -->\n\n\t<\/div><!-- .property-content -->\n\n\t\n<\/div><!-- .property-item -->\n\t\t\t\t\t\t<\/div>\n\t\t\t\t\t\t\t\t\t\t\t<div>\n\t\t\t\t\t\t\t\n<div class=\"property-item border-box  featured\">\n\n\t<a href=\"https:\/\/almisum.hr\/hr\/property\/villas-orasac-dubrovnik\/\">\n\t\t<figure class=\"property-thumbnail\">\n\t\t\t<img decoding=\"async\" width=\"600\" height=\"300\" src=\"https:\/\/almisum.hr\/wp-content\/uploads\/2017\/02\/g3_0013-600x300.jpg\" class=\" wp-post-image\" alt=\"\" \/>\t\t\t<figcaption>\n\t\t\t\t<div class=\"property-excerpt\">\n\t\t\t\t\t<h4 class=\"address\">Ora\u0161ac, Hrvatska<\/h4>\n\t\t\t\t\t<p>Opis oglasa EKSKLUZIVNO NOVOGRADNJA U ORA\u0160CU SA BAZENIMA POGLED NA MORE! NOVOGRADNJA TE KUPAC NE PLA\u0106A POREZ NA PROMET (4%) ..<\/p>\n\t\t\t\t\t<\/div>\n\t\t\t\t\t\t\t\t<\/figcaption>\n\t\t<\/figure>\n\t<\/a>\n\n\t<div class=\"property-content content\">\n\t\t<div class=\"property-title\">\n\t\t\t<a href=\"https:\/\/almisum.hr\/hr\/property\/villas-orasac-dubrovnik\/\"><h3 class=\"title\">Vile sa bazenima u Ora\u0161cu<\/h3><\/a>\n\t\t<\/div>\n\t\t\n\t\t\n\t\t<div class=\"property-price\">\n\n\t\t\t<div class=\"price-tag\">\n\t\t\t\t\t\t\t<\/div>\n\n\t\t\t<div class=\"property-icons\">\n\t\t\t\t\t\t\t\t\t<span style=\"position: relative\">\n\t\t\t\t\t\t<div class=\"share-unit\" style=\"display: none;\">\n\t\t\t\t\t\t\t<a class=\"social-facebook\" target=\"_blank\" href=\"http:\/\/www.facebook.com\/sharer.php?u=https%3A%2F%2Falmisum.hr%2Fhr%2Fproperty%2Fvillas-orasac-dubrovnik%2F&amp;t=Vile+sa+bazenima+u+Ora%C5%A1cu\"><i class=\"icon-facebook\"><\/i><\/a>\n\t\t\t\t\t\t\t<a target=\"_blank\" class=\"social-twitter\" href=\"http:\/\/twitter.com\/home?status=Vile+sa+bazenima+u+Ora%C5%A1cu+https%3A%2F%2Falmisum.hr%2Fhr%2Fproperty%2Fvillas-orasac-dubrovnik%2F\"><i class=\"icon-twitter\"><\/i><\/a>\n\t\t\t\t\t\t\t<a class=\"social-google\" target=\"_blank\" onclick=\"javascript:window.open(this.href,'', 'menubar=no,toolbar=no,resizable=yes,scrollbars=yes,height=600,width=600');return false;\" href=\"https:\/\/plus.google.com\/share?url=https:\/\/almisum.hr\/hr\/property\/villas-orasac-dubrovnik\/\"><i class=\"icon-google-plus\"><\/i><\/a>\n\t\t\t\t\t\t\t<a class=\"social-pinterest\" target=\"_blank\" href=\"http:\/\/pinterest.com\/pin\/create\/button\/?url=https:\/\/almisum.hr\/hr\/property\/villas-orasac-dubrovnik\/&amp;description=https%3A%2F%2Falmisum.hr%2Fhr%2Fproperty%2Fvillas-orasac-dubrovnik%2F\"><i class=\"icon-pinterest\"><\/i><\/a>\n\t\t\t\t\t\t<\/div>\n\t\t\t\t\t\t<i class=\"icon-share share-property\" data-toggle=\"tooltip\" data-original-title=\"Share\" title=\"Share\"><\/i>\n\t\t\t\t\t<\/span>\n\t\t\t\t\n\t\t\t\t<i class=\"add-to-favorites icon-heart-1\" data-fav-id=\"1422\" data-toggle=\"tooltip\" title=\"Add To Favorites\"><\/i><i class=\"icon-add compare-property\" data-compare-id=\"1422\" data-toggle=\"tooltip\" title=\"Compare\"><\/i>\n\t\t\t\t\n\t\t\t<\/div><!-- .property-icons -->\n\t\t\t<div class=\"clearfix\"><\/div>\n\n\t\t<\/div><!-- .property-price -->\n\n\t<\/div><!-- .property-content -->\n\n\t\n<\/div><!-- .property-item -->\n\t\t\t\t\t\t<\/div>\n\t\t\t\t\t\t\t\t\t\t\t<div>\n\t\t\t\t\t\t\t\n<div class=\"property-item border-box  featured\">\n\n\t<a href=\"https:\/\/almisum.hr\/hr\/property\/kuca-blizanac-ljubljana\/\">\n\t\t<figure class=\"property-thumbnail\">\n\t\t\t<img decoding=\"async\" width=\"600\" height=\"300\" src=\"https:\/\/almisum.hr\/wp-content\/uploads\/2015\/10\/5389_3247248_0_b-600x300.jpeg\" class=\" wp-post-image\" alt=\"\" srcset=\"https:\/\/almisum.hr\/wp-content\/uploads\/2015\/10\/5389_3247248_0_b-600x300.jpeg 600w, https:\/\/almisum.hr\/wp-content\/uploads\/2015\/10\/5389_3247248_0_b-800x400.jpeg 800w\" sizes=\"(max-width: 600px) 100vw, 600px\" \/>\t\t\t<figcaption>\n\t\t\t\t<div class=\"property-excerpt\">\n\t\t\t\t\t<h4 class=\"address\">\u010crna vas, I\u017eanska cesta, Ljubljana, Slovenija<\/h4>\n\t\t\t\t\t<p>Osnovni podaci transakcija: prodaja ID oglasa: PH01150MP vrsta gra\u0111evine: ku\u0107a tip: blizanac regija: Ljubljana lokacija: rudnik podru\u010dje detaljno: Vi\u010d Rudnik ..<\/p>\n\t\t\t\t\t<\/div>\n\t\t\t\t\t\t\t\t<\/figcaption>\n\t\t<\/figure>\n\t<\/a>\n\n\t<div class=\"property-content content\">\n\t\t<div class=\"property-title\">\n\t\t\t<a href=\"https:\/\/almisum.hr\/hr\/property\/kuca-blizanac-ljubljana\/\"><h3 class=\"title\">Ku\u0107a blizanac Ljubljana<\/h3><\/a>\n\t\t<\/div>\n\t\t\t\t\t<div class=\"property-meta clearfix\">\n\t\t\t\t\t\t\t\t\t<div>\n\t\t\t\t\t\t<div class=\"meta-title\"><i class=\"icon-size\"><\/i><\/div>\n\t\t\t\t\t\t<div class=\"meta-data\" data-toggle=\"tooltip\" title=\"Size\">130.80 m2<\/div>\n\t\t\t\t\t<\/div>\n\t\t\t\t\t\t\t<\/div>\n\t\t\n\t\t\n\t\t<div class=\"property-price\">\n\n\t\t\t<div class=\"price-tag\">\n\t\t\t\t390.000\u20ac\t\t\t<\/div>\n\n\t\t\t<div class=\"property-icons\">\n\t\t\t\t\t\t\t\t\t<span style=\"position: relative\">\n\t\t\t\t\t\t<div class=\"share-unit\" style=\"display: none;\">\n\t\t\t\t\t\t\t<a class=\"social-facebook\" target=\"_blank\" href=\"http:\/\/www.facebook.com\/sharer.php?u=https%3A%2F%2Falmisum.hr%2Fhr%2Fproperty%2Fkuca-blizanac-ljubljana%2F&amp;t=Ku%C4%87a+blizanac+Ljubljana\"><i class=\"icon-facebook\"><\/i><\/a>\n\t\t\t\t\t\t\t<a target=\"_blank\" class=\"social-twitter\" href=\"http:\/\/twitter.com\/home?status=Ku%C4%87a+blizanac+Ljubljana+https%3A%2F%2Falmisum.hr%2Fhr%2Fproperty%2Fkuca-blizanac-ljubljana%2F\"><i class=\"icon-twitter\"><\/i><\/a>\n\t\t\t\t\t\t\t<a class=\"social-google\" target=\"_blank\" onclick=\"javascript:window.open(this.href,'', 'menubar=no,toolbar=no,resizable=yes,scrollbars=yes,height=600,width=600');return false;\" href=\"https:\/\/plus.google.com\/share?url=https:\/\/almisum.hr\/hr\/property\/kuca-blizanac-ljubljana\/\"><i class=\"icon-google-plus\"><\/i><\/a>\n\t\t\t\t\t\t\t<a class=\"social-pinterest\" target=\"_blank\" href=\"http:\/\/pinterest.com\/pin\/create\/button\/?url=https:\/\/almisum.hr\/hr\/property\/kuca-blizanac-ljubljana\/&amp;description=https%3A%2F%2Falmisum.hr%2Fhr%2Fproperty%2Fkuca-blizanac-ljubljana%2F\"><i class=\"icon-pinterest\"><\/i><\/a>\n\t\t\t\t\t\t<\/div>\n\t\t\t\t\t\t<i class=\"icon-share share-property\" data-toggle=\"tooltip\" data-original-title=\"Share\" title=\"Share\"><\/i>\n\t\t\t\t\t<\/span>\n\t\t\t\t\n\t\t\t\t<i class=\"add-to-favorites icon-heart-1\" data-fav-id=\"2812\" data-toggle=\"tooltip\" title=\"Add To Favorites\"><\/i><i class=\"icon-add compare-property\" data-compare-id=\"2812\" data-toggle=\"tooltip\" title=\"Compare\"><\/i>\n\t\t\t\t\n\t\t\t<\/div><!-- .property-icons -->\n\t\t\t<div class=\"clearfix\"><\/div>\n\n\t\t<\/div><!-- .property-price -->\n\n\t<\/div><!-- .property-content -->\n\n\t\n<\/div><!-- .property-item -->\n\t\t\t\t\t\t<\/div>\n\t\t\t\t\t\t\t\t\t\t\t<div>\n\t\t\t\t\t\t\t\n<div class=\"property-item border-box  featured\">\n\n\t<a href=\"https:\/\/almisum.hr\/hr\/property\/villa-in-soline\/\">\n\t\t<figure class=\"property-thumbnail\">\n\t\t\t<img decoding=\"async\" width=\"576\" height=\"300\" src=\"https:\/\/almisum.hr\/wp-content\/uploads\/2015\/10\/IMG-20211103-WA0047-576x300.jpg\" class=\" wp-post-image\" alt=\"\" \/>\t\t\t<figcaption>\n\t\t\t\t<div class=\"property-excerpt\">\n\t\t\t\t\t<h4 class=\"address\">Soline, Dubrovnik-Neretva County \u017eupanija, Croatia<\/h4>\n\t\t\t\t\t<p>Ekskluzivna<\/p>\n\t\t\t\t\t<\/div>\n\t\t\t\t\t\t\t\t<\/figcaption>\n\t\t<\/figure>\n\t<\/a>\n\n\t<div class=\"property-content content\">\n\t\t<div class=\"property-title\">\n\t\t\t<a href=\"https:\/\/almisum.hr\/hr\/property\/villa-in-soline\/\"><h3 class=\"title\">Eksluzivna vila u Solinama<\/h3><\/a>\n\t\t<\/div>\n\t\t\t\t\t<div class=\"property-meta clearfix\">\n\t\t\t\t\t\t\t\t\t<div>\n\t\t\t\t\t\t<div class=\"meta-title\"><i class=\"icon-size\"><\/i><\/div>\n\t\t\t\t\t\t<div class=\"meta-data\" data-toggle=\"tooltip\" title=\"Size\">670 m2<\/div>\n\t\t\t\t\t<\/div>\n\t\t\t\t\t\t\t\t\t<div>\n\t\t\t\t\t\t<div class=\"meta-title\"><i class=\"icon-rooms\"><\/i><\/div>\n\t\t\t\t\t\t<div class=\"meta-data\" data-toggle=\"tooltip\" title=\"Rooms\">1 Rooms<\/div>\n\t\t\t\t\t<\/div>\n\t\t\t\t\t\t\t\t\t<div>\n\t\t\t\t\t\t<div class=\"meta-title\"><i class=\"icon-bedrooms\"><\/i><\/div>\n\t\t\t\t\t\t<div class=\"meta-data\" data-toggle=\"tooltip\" title=\"Bedrooms\">4 Spava\u0107e sobe<\/div>\n\t\t\t\t\t<\/div>\n\t\t\t\t\t\t\t\t\t<div>\n\t\t\t\t\t\t<div class=\"meta-title\"><i class=\"icon-bathrooms\"><\/i><\/div>\n\t\t\t\t\t\t<div class=\"meta-data\" data-toggle=\"tooltip\" title=\"Bathrooms\">5 Kupatila<\/div>\n\t\t\t\t\t<\/div>\n\t\t\t\t\t\t\t<\/div>\n\t\t\n\t\t\n\t\t<div class=\"property-price\">\n\n\t\t\t<div class=\"price-tag\">\n\t\t\t\t4.000.000\u20ac\t\t\t<\/div>\n\n\t\t\t<div class=\"property-icons\">\n\t\t\t\t\t\t\t\t\t<span style=\"position: relative\">\n\t\t\t\t\t\t<div class=\"share-unit\" style=\"display: none;\">\n\t\t\t\t\t\t\t<a class=\"social-facebook\" target=\"_blank\" href=\"http:\/\/www.facebook.com\/sharer.php?u=https%3A%2F%2Falmisum.hr%2Fhr%2Fproperty%2Fvilla-in-soline%2F&amp;t=Eksluzivna+vila+u+Solinama\"><i class=\"icon-facebook\"><\/i><\/a>\n\t\t\t\t\t\t\t<a target=\"_blank\" class=\"social-twitter\" href=\"http:\/\/twitter.com\/home?status=Eksluzivna+vila+u+Solinama+https%3A%2F%2Falmisum.hr%2Fhr%2Fproperty%2Fvilla-in-soline%2F\"><i class=\"icon-twitter\"><\/i><\/a>\n\t\t\t\t\t\t\t<a class=\"social-google\" target=\"_blank\" onclick=\"javascript:window.open(this.href,'', 'menubar=no,toolbar=no,resizable=yes,scrollbars=yes,height=600,width=600');return false;\" href=\"https:\/\/plus.google.com\/share?url=https:\/\/almisum.hr\/hr\/property\/villa-in-soline\/\"><i class=\"icon-google-plus\"><\/i><\/a>\n\t\t\t\t\t\t\t<a class=\"social-pinterest\" target=\"_blank\" href=\"http:\/\/pinterest.com\/pin\/create\/button\/?url=https:\/\/almisum.hr\/hr\/property\/villa-in-soline\/&amp;description=https%3A%2F%2Falmisum.hr%2Fhr%2Fproperty%2Fvilla-in-soline%2F\"><i class=\"icon-pinterest\"><\/i><\/a>\n\t\t\t\t\t\t<\/div>\n\t\t\t\t\t\t<i class=\"icon-share share-property\" data-toggle=\"tooltip\" data-original-title=\"Share\" title=\"Share\"><\/i>\n\t\t\t\t\t<\/span>\n\t\t\t\t\n\t\t\t\t<i class=\"add-to-favorites icon-heart-1\" data-fav-id=\"2634\" data-toggle=\"tooltip\" title=\"Add To Favorites\"><\/i><i class=\"icon-add compare-property\" data-compare-id=\"2634\" data-toggle=\"tooltip\" title=\"Compare\"><\/i>\n\t\t\t\t\n\t\t\t<\/div><!-- .property-icons -->\n\t\t\t<div class=\"clearfix\"><\/div>\n\n\t\t<\/div><!-- .property-price -->\n\n\t<\/div><!-- .property-content -->\n\n\t\n<\/div><!-- .property-item -->\n\t\t\t\t\t\t<\/div>\n\t\t\t\t\t\t\t\t\t\t\t<div>\n\t\t\t\t\t\t\t\n<div class=\"property-item border-box  featured\">\n\n\t<a href=\"https:\/\/almisum.hr\/hr\/property\/uskoplje-apartments-and-restaurant-property\/\">\n\t\t<figure class=\"property-thumbnail\">\n\t\t\t<img decoding=\"async\" width=\"600\" height=\"300\" src=\"https:\/\/almisum.hr\/wp-content\/uploads\/2022\/01\/kuca-uskoplje-visekatnica-578.00-m2-slika-125592697-600x300.jpg\" class=\" wp-post-image\" alt=\"\" \/>\t\t\t<figcaption>\n\t\t\t\t<div class=\"property-excerpt\">\n\t\t\t\t\t<h4 class=\"address\">Uskoplje, Hrvatska<\/h4>\n\t\t\t\t\t<p>RENOVIRANA KAMENA VILA, s zavidnim smje\u0161tajnim kapacitetom, prilago\u0111ena potrebama turisti\u010dkog iznajmljivanja. OSNOVNE INFORMACIJE: Rekonstrukcija objekta je obavljena 2019. godine, te ..<\/p>\n\t\t\t\t\t<\/div>\n\t\t\t\t\t\t\t\t<\/figcaption>\n\t\t<\/figure>\n\t<\/a>\n\n\t<div class=\"property-content content\">\n\t\t<div class=\"property-title\">\n\t\t\t<a href=\"https:\/\/almisum.hr\/hr\/property\/uskoplje-apartments-and-restaurant-property\/\"><h3 class=\"title\">Uskoplje poslovno stambeni objekt<\/h3><\/a>\n\t\t<\/div>\n\t\t\t\t\t<div class=\"property-meta clearfix\">\n\t\t\t\t\t\t\t\t\t<div>\n\t\t\t\t\t\t<div class=\"meta-title\"><i class=\"icon-size\"><\/i><\/div>\n\t\t\t\t\t\t<div class=\"meta-data\" data-toggle=\"tooltip\" title=\"Size\">578.84 m2<\/div>\n\t\t\t\t\t<\/div>\n\t\t\t\t\t\t\t\t\t<div>\n\t\t\t\t\t\t<div class=\"meta-title\"><i class=\"icon-rooms\"><\/i><\/div>\n\t\t\t\t\t\t<div class=\"meta-data\" data-toggle=\"tooltip\" title=\"Rooms\">3 Sobe<\/div>\n\t\t\t\t\t<\/div>\n\t\t\t\t\t\t\t\t\t<div>\n\t\t\t\t\t\t<div class=\"meta-title\"><i class=\"icon-bedrooms\"><\/i><\/div>\n\t\t\t\t\t\t<div class=\"meta-data\" data-toggle=\"tooltip\" title=\"Bedrooms\">8 Spava\u0107e sobe<\/div>\n\t\t\t\t\t<\/div>\n\t\t\t\t\t\t\t\t\t<div>\n\t\t\t\t\t\t<div class=\"meta-title\"><i class=\"icon-bathrooms\"><\/i><\/div>\n\t\t\t\t\t\t<div class=\"meta-data\" data-toggle=\"tooltip\" title=\"Bathrooms\">6 Kupatila<\/div>\n\t\t\t\t\t<\/div>\n\t\t\t\t\t\t\t<\/div>\n\t\t\n\t\t\n\t\t<div class=\"property-price\">\n\n\t\t\t<div class=\"price-tag\">\n\t\t\t\t750.000\u20ac\t\t\t<\/div>\n\n\t\t\t<div class=\"property-icons\">\n\t\t\t\t\t\t\t\t\t<span style=\"position: relative\">\n\t\t\t\t\t\t<div class=\"share-unit\" style=\"display: none;\">\n\t\t\t\t\t\t\t<a class=\"social-facebook\" target=\"_blank\" href=\"http:\/\/www.facebook.com\/sharer.php?u=https%3A%2F%2Falmisum.hr%2Fhr%2Fproperty%2Fuskoplje-apartments-and-restaurant-property%2F&amp;t=Uskoplje+poslovno+stambeni+objekt\"><i class=\"icon-facebook\"><\/i><\/a>\n\t\t\t\t\t\t\t<a target=\"_blank\" class=\"social-twitter\" href=\"http:\/\/twitter.com\/home?status=Uskoplje+poslovno+stambeni+objekt+https%3A%2F%2Falmisum.hr%2Fhr%2Fproperty%2Fuskoplje-apartments-and-restaurant-property%2F\"><i class=\"icon-twitter\"><\/i><\/a>\n\t\t\t\t\t\t\t<a class=\"social-google\" target=\"_blank\" onclick=\"javascript:window.open(this.href,'', 'menubar=no,toolbar=no,resizable=yes,scrollbars=yes,height=600,width=600');return false;\" href=\"https:\/\/plus.google.com\/share?url=https:\/\/almisum.hr\/hr\/property\/uskoplje-apartments-and-restaurant-property\/\"><i class=\"icon-google-plus\"><\/i><\/a>\n\t\t\t\t\t\t\t<a class=\"social-pinterest\" target=\"_blank\" href=\"http:\/\/pinterest.com\/pin\/create\/button\/?url=https:\/\/almisum.hr\/hr\/property\/uskoplje-apartments-and-restaurant-property\/&amp;description=https%3A%2F%2Falmisum.hr%2Fhr%2Fproperty%2Fuskoplje-apartments-and-restaurant-property%2F\"><i class=\"icon-pinterest\"><\/i><\/a>\n\t\t\t\t\t\t<\/div>\n\t\t\t\t\t\t<i class=\"icon-share share-property\" data-toggle=\"tooltip\" data-original-title=\"Share\" title=\"Share\"><\/i>\n\t\t\t\t\t<\/span>\n\t\t\t\t\n\t\t\t\t<i class=\"add-to-favorites icon-heart-1\" data-fav-id=\"2519\" data-toggle=\"tooltip\" title=\"Add To Favorites\"><\/i><i class=\"icon-add compare-property\" data-compare-id=\"2519\" data-toggle=\"tooltip\" title=\"Compare\"><\/i>\n\t\t\t\t\n\t\t\t<\/div><!-- .property-icons -->\n\t\t\t<div class=\"clearfix\"><\/div>\n\n\t\t<\/div><!-- .property-price -->\n\n\t<\/div><!-- .property-content -->\n\n\t\n<\/div><!-- .property-item -->\n\t\t\t\t\t\t<\/div>\n\t\t\t\t\t\t\t\t\t\t\t<div>\n\t\t\t\t\t\t\t\n<div class=\"property-item border-box  featured\">\n\n\t<a href=\"https:\/\/almisum.hr\/hr\/property\/uskoplje-villas\/\">\n\t\t<figure class=\"property-thumbnail\">\n\t\t\t<img decoding=\"async\" width=\"600\" height=\"300\" src=\"https:\/\/almisum.hr\/wp-content\/uploads\/2022\/01\/Vile-Uskoplje-600x300.jpg\" class=\" wp-post-image\" alt=\"\" \/>\t\t\t<figcaption>\n\t\t\t\t<div class=\"property-excerpt\">\n\t\t\t\t\t<h4 class=\"address\">Uskoplje, Hrvatska<\/h4>\n\t\t\t\t\t<p>Dvije novogradnje, vile u Uskoplju<\/p>\n\t\t\t\t\t<\/div>\n\t\t\t\t\t\t\t\t<\/figcaption>\n\t\t<\/figure>\n\t<\/a>\n\n\t<div class=\"property-content content\">\n\t\t<div class=\"property-title\">\n\t\t\t<a href=\"https:\/\/almisum.hr\/hr\/property\/uskoplje-villas\/\"><h3 class=\"title\">Vile u Uskoplju<\/h3><\/a>\n\t\t<\/div>\n\t\t\t\t\t<div class=\"property-meta clearfix\">\n\t\t\t\t\t\t\t\t\t<div>\n\t\t\t\t\t\t<div class=\"meta-title\"><i class=\"icon-size\"><\/i><\/div>\n\t\t\t\t\t\t<div class=\"meta-data\" data-toggle=\"tooltip\" title=\"Size\">420 m2<\/div>\n\t\t\t\t\t<\/div>\n\t\t\t\t\t\t\t\t\t<div>\n\t\t\t\t\t\t<div class=\"meta-title\"><i class=\"icon-rooms\"><\/i><\/div>\n\t\t\t\t\t\t<div class=\"meta-data\" data-toggle=\"tooltip\" title=\"Rooms\">2 Sobe<\/div>\n\t\t\t\t\t<\/div>\n\t\t\t\t\t\t\t\t\t<div>\n\t\t\t\t\t\t<div class=\"meta-title\"><i class=\"icon-bedrooms\"><\/i><\/div>\n\t\t\t\t\t\t<div class=\"meta-data\" data-toggle=\"tooltip\" title=\"Bedrooms\">3 Spava\u0107e sobe<\/div>\n\t\t\t\t\t<\/div>\n\t\t\t\t\t\t\t\t\t<div>\n\t\t\t\t\t\t<div class=\"meta-title\"><i class=\"icon-bathrooms\"><\/i><\/div>\n\t\t\t\t\t\t<div class=\"meta-data\" data-toggle=\"tooltip\" title=\"Bathrooms\">3 Kupatila<\/div>\n\t\t\t\t\t<\/div>\n\t\t\t\t\t\t\t<\/div>\n\t\t\n\t\t\n\t\t<div class=\"property-price\">\n\n\t\t\t<div class=\"price-tag\">\n\t\t\t\teuro&nbsp;450.000\u20ac\t\t\t<\/div>\n\n\t\t\t<div class=\"property-icons\">\n\t\t\t\t\t\t\t\t\t<span style=\"position: relative\">\n\t\t\t\t\t\t<div class=\"share-unit\" style=\"display: none;\">\n\t\t\t\t\t\t\t<a class=\"social-facebook\" target=\"_blank\" href=\"http:\/\/www.facebook.com\/sharer.php?u=https%3A%2F%2Falmisum.hr%2Fhr%2Fproperty%2Fuskoplje-villas%2F&amp;t=Vile+u+Uskoplju\"><i class=\"icon-facebook\"><\/i><\/a>\n\t\t\t\t\t\t\t<a target=\"_blank\" class=\"social-twitter\" href=\"http:\/\/twitter.com\/home?status=Vile+u+Uskoplju+https%3A%2F%2Falmisum.hr%2Fhr%2Fproperty%2Fuskoplje-villas%2F\"><i class=\"icon-twitter\"><\/i><\/a>\n\t\t\t\t\t\t\t<a class=\"social-google\" target=\"_blank\" onclick=\"javascript:window.open(this.href,'', 'menubar=no,toolbar=no,resizable=yes,scrollbars=yes,height=600,width=600');return false;\" href=\"https:\/\/plus.google.com\/share?url=https:\/\/almisum.hr\/hr\/property\/uskoplje-villas\/\"><i class=\"icon-google-plus\"><\/i><\/a>\n\t\t\t\t\t\t\t<a class=\"social-pinterest\" target=\"_blank\" href=\"http:\/\/pinterest.com\/pin\/create\/button\/?url=https:\/\/almisum.hr\/hr\/property\/uskoplje-villas\/&amp;description=https%3A%2F%2Falmisum.hr%2Fhr%2Fproperty%2Fuskoplje-villas%2F\"><i class=\"icon-pinterest\"><\/i><\/a>\n\t\t\t\t\t\t<\/div>\n\t\t\t\t\t\t<i class=\"icon-share share-property\" data-toggle=\"tooltip\" data-original-title=\"Share\" title=\"Share\"><\/i>\n\t\t\t\t\t<\/span>\n\t\t\t\t\n\t\t\t\t<i class=\"add-to-favorites icon-heart-1\" data-fav-id=\"2536\" data-toggle=\"tooltip\" title=\"Add To Favorites\"><\/i><i class=\"icon-add compare-property\" data-compare-id=\"2536\" data-toggle=\"tooltip\" title=\"Compare\"><\/i>\n\t\t\t\t\n\t\t\t<\/div><!-- .property-icons -->\n\t\t\t<div class=\"clearfix\"><\/div>\n\n\t\t<\/div><!-- .property-price -->\n\n\t<\/div><!-- .property-content -->\n\n\t\n<\/div><!-- .property-item -->\n\t\t\t\t\t\t<\/div>\n\t\t\t\t\t\t\t\t\t\t\t<div>\n\t\t\t\t\t\t\t\n<div class=\"property-item border-box  featured\">\n\n\t<a href=\"https:\/\/almisum.hr\/hr\/property\/stone-house-in-petraca\/\">\n\t\t<figure class=\"property-thumbnail\">\n\t\t\t<img decoding=\"async\" width=\"600\" height=\"300\" src=\"https:\/\/almisum.hr\/wp-content\/uploads\/2015\/10\/IMG-20210608-WA0001-1-600x300.jpg\" class=\" wp-post-image\" alt=\"\" \/>\t\t\t<figcaption>\n\t\t\t\t<div class=\"property-excerpt\">\n\t\t\t\t\t<h4 class=\"address\">Petra\u010da, Hrvatska<\/h4>\n\t\t\t\t\t<p>Kamena ku\u0107a u Petra\u010di<\/p>\n\t\t\t\t\t<\/div>\n\t\t\t\t\t\t\t\t<\/figcaption>\n\t\t<\/figure>\n\t<\/a>\n\n\t<div class=\"property-content content\">\n\t\t<div class=\"property-title\">\n\t\t\t<a href=\"https:\/\/almisum.hr\/hr\/property\/stone-house-in-petraca\/\"><h3 class=\"title\">Kamena ku\u0107a u Petra\u010di<\/h3><\/a>\n\t\t<\/div>\n\t\t\t\t\t<div class=\"property-meta clearfix\">\n\t\t\t\t\t\t\t\t\t<div>\n\t\t\t\t\t\t<div class=\"meta-title\"><i class=\"icon-size\"><\/i><\/div>\n\t\t\t\t\t\t<div class=\"meta-data\" data-toggle=\"tooltip\" title=\"Size\">120 m2<\/div>\n\t\t\t\t\t<\/div>\n\t\t\t\t\t\t\t\t\t<div>\n\t\t\t\t\t\t<div class=\"meta-title\"><i class=\"icon-rooms\"><\/i><\/div>\n\t\t\t\t\t\t<div class=\"meta-data\" data-toggle=\"tooltip\" title=\"Rooms\">2 Sobe<\/div>\n\t\t\t\t\t<\/div>\n\t\t\t\t\t\t\t\t\t<div>\n\t\t\t\t\t\t<div class=\"meta-title\"><i class=\"icon-bedrooms\"><\/i><\/div>\n\t\t\t\t\t\t<div class=\"meta-data\" data-toggle=\"tooltip\" title=\"Bedrooms\">3 Spava\u0107e sobe<\/div>\n\t\t\t\t\t<\/div>\n\t\t\t\t\t\t\t\t\t<div>\n\t\t\t\t\t\t<div class=\"meta-title\"><i class=\"icon-bathrooms\"><\/i><\/div>\n\t\t\t\t\t\t<div class=\"meta-data\" data-toggle=\"tooltip\" title=\"Bathrooms\">2 Kupatila<\/div>\n\t\t\t\t\t<\/div>\n\t\t\t\t\t\t\t<\/div>\n\t\t\n\t\t\n\t\t<div class=\"property-price\">\n\n\t\t\t<div class=\"price-tag\">\n\t\t\t\t120.000\u20ac\t\t\t<\/div>\n\n\t\t\t<div class=\"property-icons\">\n\t\t\t\t\t\t\t\t\t<span style=\"position: relative\">\n\t\t\t\t\t\t<div class=\"share-unit\" style=\"display: none;\">\n\t\t\t\t\t\t\t<a class=\"social-facebook\" target=\"_blank\" href=\"http:\/\/www.facebook.com\/sharer.php?u=https%3A%2F%2Falmisum.hr%2Fhr%2Fproperty%2Fstone-house-in-petraca%2F&amp;t=Kamena+ku%C4%87a+u+Petra%C4%8Di\"><i class=\"icon-facebook\"><\/i><\/a>\n\t\t\t\t\t\t\t<a target=\"_blank\" class=\"social-twitter\" href=\"http:\/\/twitter.com\/home?status=Kamena+ku%C4%87a+u+Petra%C4%8Di+https%3A%2F%2Falmisum.hr%2Fhr%2Fproperty%2Fstone-house-in-petraca%2F\"><i class=\"icon-twitter\"><\/i><\/a>\n\t\t\t\t\t\t\t<a class=\"social-google\" target=\"_blank\" onclick=\"javascript:window.open(this.href,'', 'menubar=no,toolbar=no,resizable=yes,scrollbars=yes,height=600,width=600');return false;\" href=\"https:\/\/plus.google.com\/share?url=https:\/\/almisum.hr\/hr\/property\/stone-house-in-petraca\/\"><i class=\"icon-google-plus\"><\/i><\/a>\n\t\t\t\t\t\t\t<a class=\"social-pinterest\" target=\"_blank\" href=\"http:\/\/pinterest.com\/pin\/create\/button\/?url=https:\/\/almisum.hr\/hr\/property\/stone-house-in-petraca\/&amp;description=https%3A%2F%2Falmisum.hr%2Fhr%2Fproperty%2Fstone-house-in-petraca%2F\"><i class=\"icon-pinterest\"><\/i><\/a>\n\t\t\t\t\t\t<\/div>\n\t\t\t\t\t\t<i class=\"icon-share share-property\" data-toggle=\"tooltip\" data-original-title=\"Share\" title=\"Share\"><\/i>\n\t\t\t\t\t<\/span>\n\t\t\t\t\n\t\t\t\t<i class=\"add-to-favorites icon-heart-1\" data-fav-id=\"2518\" data-toggle=\"tooltip\" title=\"Add To Favorites\"><\/i><i class=\"icon-add compare-property\" data-compare-id=\"2518\" data-toggle=\"tooltip\" title=\"Compare\"><\/i>\n\t\t\t\t\n\t\t\t<\/div><!-- .property-icons -->\n\t\t\t<div class=\"clearfix\"><\/div>\n\n\t\t<\/div><!-- .property-price -->\n\n\t<\/div><!-- .property-content -->\n\n\t\n<\/div><!-- .property-item -->\n\t\t\t\t\t\t<\/div>\n\t\t\t\t\t\t\t\t\t\t\t<div>\n\t\t\t\t\t\t\t\n<div class=\"property-item border-box  featured\">\n\n\t<a href=\"https:\/\/almisum.hr\/hr\/property\/flat-in-miramarska-street-zagreb\/\">\n\t\t<figure class=\"property-thumbnail\">\n\t\t\t<img decoding=\"async\" width=\"600\" height=\"300\" src=\"https:\/\/almisum.hr\/wp-content\/uploads\/2015\/10\/IMG-20200507-WA0033-600x300.jpg\" class=\" wp-post-image\" alt=\"\" \/>\t\t\t<figcaption>\n\t\t\t\t<div class=\"property-excerpt\">\n\t\t\t\t\t<h4 class=\"address\">Miramarska Cesta 3, Zagreb, Hrvatska<\/h4>\n\t\t\t\t\t<p>Jednosobni stan u Zagrebu<\/p>\n\t\t\t\t\t<\/div>\n\t\t\t\t\t\t\t\t<\/figcaption>\n\t\t<\/figure>\n\t<\/a>\n\n\t<div class=\"property-content content\">\n\t\t<div class=\"property-title\">\n\t\t\t<a href=\"https:\/\/almisum.hr\/hr\/property\/flat-in-miramarska-street-zagreb\/\"><h3 class=\"title\">Jednosobni stan u Miramarskoj ulici Zagreb<\/h3><\/a>\n\t\t<\/div>\n\t\t\t\t\t<div class=\"property-meta clearfix\">\n\t\t\t\t\t\t\t\t\t<div>\n\t\t\t\t\t\t<div class=\"meta-title\"><i class=\"icon-size\"><\/i><\/div>\n\t\t\t\t\t\t<div class=\"meta-data\" data-toggle=\"tooltip\" title=\"Size\">57 m2<\/div>\n\t\t\t\t\t<\/div>\n\t\t\t\t\t\t\t\t\t<div>\n\t\t\t\t\t\t<div class=\"meta-title\"><i class=\"icon-rooms\"><\/i><\/div>\n\t\t\t\t\t\t<div class=\"meta-data\" data-toggle=\"tooltip\" title=\"Rooms\">1 Rooms<\/div>\n\t\t\t\t\t<\/div>\n\t\t\t\t\t\t\t\t\t<div>\n\t\t\t\t\t\t<div class=\"meta-title\"><i class=\"icon-bedrooms\"><\/i><\/div>\n\t\t\t\t\t\t<div class=\"meta-data\" data-toggle=\"tooltip\" title=\"Bedrooms\">1 Bedrooms<\/div>\n\t\t\t\t\t<\/div>\n\t\t\t\t\t\t\t\t\t<div>\n\t\t\t\t\t\t<div class=\"meta-title\"><i class=\"icon-bathrooms\"><\/i><\/div>\n\t\t\t\t\t\t<div class=\"meta-data\" data-toggle=\"tooltip\" title=\"Bathrooms\">1 Bathrooms<\/div>\n\t\t\t\t\t<\/div>\n\t\t\t\t\t\t\t<\/div>\n\t\t\n\t\t\n\t\t<div class=\"property-price\">\n\n\t\t\t<div class=\"price-tag\">\n\t\t\t\t2.000\u20ac&nbsp;eu\t\t\t<\/div>\n\n\t\t\t<div class=\"property-icons\">\n\t\t\t\t\t\t\t\t\t<span style=\"position: relative\">\n\t\t\t\t\t\t<div class=\"share-unit\" style=\"display: none;\">\n\t\t\t\t\t\t\t<a class=\"social-facebook\" target=\"_blank\" href=\"http:\/\/www.facebook.com\/sharer.php?u=https%3A%2F%2Falmisum.hr%2Fhr%2Fproperty%2Fflat-in-miramarska-street-zagreb%2F&amp;t=Jednosobni+stan+u+Miramarskoj+ulici+Zagreb\"><i class=\"icon-facebook\"><\/i><\/a>\n\t\t\t\t\t\t\t<a target=\"_blank\" class=\"social-twitter\" href=\"http:\/\/twitter.com\/home?status=Jednosobni+stan+u+Miramarskoj+ulici+Zagreb+https%3A%2F%2Falmisum.hr%2Fhr%2Fproperty%2Fflat-in-miramarska-street-zagreb%2F\"><i class=\"icon-twitter\"><\/i><\/a>\n\t\t\t\t\t\t\t<a class=\"social-google\" target=\"_blank\" onclick=\"javascript:window.open(this.href,'', 'menubar=no,toolbar=no,resizable=yes,scrollbars=yes,height=600,width=600');return false;\" href=\"https:\/\/plus.google.com\/share?url=https:\/\/almisum.hr\/hr\/property\/flat-in-miramarska-street-zagreb\/\"><i class=\"icon-google-plus\"><\/i><\/a>\n\t\t\t\t\t\t\t<a class=\"social-pinterest\" target=\"_blank\" href=\"http:\/\/pinterest.com\/pin\/create\/button\/?url=https:\/\/almisum.hr\/hr\/property\/flat-in-miramarska-street-zagreb\/&amp;description=https%3A%2F%2Falmisum.hr%2Fhr%2Fproperty%2Fflat-in-miramarska-street-zagreb%2F\"><i class=\"icon-pinterest\"><\/i><\/a>\n\t\t\t\t\t\t<\/div>\n\t\t\t\t\t\t<i class=\"icon-share share-property\" data-toggle=\"tooltip\" data-original-title=\"Share\" title=\"Share\"><\/i>\n\t\t\t\t\t<\/span>\n\t\t\t\t\n\t\t\t\t<i class=\"add-to-favorites icon-heart-1\" data-fav-id=\"2517\" data-toggle=\"tooltip\" title=\"Add To Favorites\"><\/i><i class=\"icon-add compare-property\" data-compare-id=\"2517\" data-toggle=\"tooltip\" title=\"Compare\"><\/i>\n\t\t\t\t\n\t\t\t<\/div><!-- .property-icons -->\n\t\t\t<div class=\"clearfix\"><\/div>\n\n\t\t<\/div><!-- .property-price -->\n\n\t<\/div><!-- .property-content -->\n\n\t\n<\/div><!-- .property-item -->\n\t\t\t\t\t\t<\/div>\n\t\t\t\t\t\t\t\t\t\t\t<div>\n\t\t\t\t\t\t\t\n<div class=\"property-item border-box  featured\">\n\n\t<a href=\"https:\/\/almisum.hr\/hr\/property\/residental-project-stara-mokosica\/\">\n\t\t<figure class=\"property-thumbnail\">\n\t\t\t<img decoding=\"async\" width=\"600\" height=\"300\" src=\"https:\/\/almisum.hr\/wp-content\/uploads\/2015\/10\/IMG-20200320-WA0001-600x300.jpg\" class=\" wp-post-image\" alt=\"\" \/>\t\t\t<figcaption>\n\t\t\t\t<div class=\"property-excerpt\">\n\t\t\t\t\t<h4 class=\"address\">Stara ambulanta, Podumane ulica, Moko\u0161ica, Hrvatska<\/h4>\n\t\t\t\t\t<p>Tri stambene zgrade sa zajedno 29 stanova<\/p>\n\t\t\t\t\t<\/div>\n\t\t\t\t\t\t\t\t<\/figcaption>\n\t\t<\/figure>\n\t<\/a>\n\n\t<div class=\"property-content content\">\n\t\t<div class=\"property-title\">\n\t\t\t<a href=\"https:\/\/almisum.hr\/hr\/property\/residental-project-stara-mokosica\/\"><h3 class=\"title\">Stambene zgrade Stara Moko\u0161ica<\/h3><\/a>\n\t\t<\/div>\n\t\t\t\t\t<div class=\"property-meta clearfix\">\n\t\t\t\t\t\t\t\t\t<div>\n\t\t\t\t\t\t<div class=\"meta-title\"><i class=\"icon-size\"><\/i><\/div>\n\t\t\t\t\t\t<div class=\"meta-data\" data-toggle=\"tooltip\" title=\"Size\">2190 m2<\/div>\n\t\t\t\t\t<\/div>\n\t\t\t\t\t\t\t<\/div>\n\t\t\n\t\t\n\t\t<div class=\"property-price\">\n\n\t\t\t<div class=\"price-tag\">\n\t\t\t\t1.200.000\u20ac\t\t\t<\/div>\n\n\t\t\t<div class=\"property-icons\">\n\t\t\t\t\t\t\t\t\t<span style=\"position: relative\">\n\t\t\t\t\t\t<div class=\"share-unit\" style=\"display: none;\">\n\t\t\t\t\t\t\t<a class=\"social-facebook\" target=\"_blank\" href=\"http:\/\/www.facebook.com\/sharer.php?u=https%3A%2F%2Falmisum.hr%2Fhr%2Fproperty%2Fresidental-project-stara-mokosica%2F&amp;t=Stambene+zgrade+Stara+Moko%C5%A1ica\"><i class=\"icon-facebook\"><\/i><\/a>\n\t\t\t\t\t\t\t<a target=\"_blank\" class=\"social-twitter\" href=\"http:\/\/twitter.com\/home?status=Stambene+zgrade+Stara+Moko%C5%A1ica+https%3A%2F%2Falmisum.hr%2Fhr%2Fproperty%2Fresidental-project-stara-mokosica%2F\"><i class=\"icon-twitter\"><\/i><\/a>\n\t\t\t\t\t\t\t<a class=\"social-google\" target=\"_blank\" onclick=\"javascript:window.open(this.href,'', 'menubar=no,toolbar=no,resizable=yes,scrollbars=yes,height=600,width=600');return false;\" href=\"https:\/\/plus.google.com\/share?url=https:\/\/almisum.hr\/hr\/property\/residental-project-stara-mokosica\/\"><i class=\"icon-google-plus\"><\/i><\/a>\n\t\t\t\t\t\t\t<a class=\"social-pinterest\" target=\"_blank\" href=\"http:\/\/pinterest.com\/pin\/create\/button\/?url=https:\/\/almisum.hr\/hr\/property\/residental-project-stara-mokosica\/&amp;description=https%3A%2F%2Falmisum.hr%2Fhr%2Fproperty%2Fresidental-project-stara-mokosica%2F\"><i class=\"icon-pinterest\"><\/i><\/a>\n\t\t\t\t\t\t<\/div>\n\t\t\t\t\t\t<i class=\"icon-share share-property\" data-toggle=\"tooltip\" data-original-title=\"Share\" title=\"Share\"><\/i>\n\t\t\t\t\t<\/span>\n\t\t\t\t\n\t\t\t\t<i class=\"add-to-favorites icon-heart-1\" data-fav-id=\"2416\" data-toggle=\"tooltip\" title=\"Add To Favorites\"><\/i><i class=\"icon-add compare-property\" data-compare-id=\"2416\" data-toggle=\"tooltip\" title=\"Compare\"><\/i>\n\t\t\t\t\n\t\t\t<\/div><!-- .property-icons -->\n\t\t\t<div class=\"clearfix\"><\/div>\n\n\t\t<\/div><!-- .property-price -->\n\n\t<\/div><!-- .property-content -->\n\n\t\n<\/div><!-- .property-item -->\n\t\t\t\t\t\t<\/div>\n\t\t\t\t\t\t\t\t\t\t\t<div>\n\t\t\t\t\t\t\t\n<div class=\"property-item border-box  featured\">\n\n\t<a href=\"https:\/\/almisum.hr\/hr\/property\/villa-soderini-orasac\/\">\n\t\t<figure class=\"property-thumbnail\">\n\t\t\t<img decoding=\"async\" width=\"600\" height=\"300\" src=\"https:\/\/almisum.hr\/wp-content\/uploads\/2018\/04\/A_Villa_Soderini_Outdoor_08-600x300.jpg\" class=\" wp-post-image\" alt=\"\" \/>\t\t\t<figcaption>\n\t\t\t\t<div class=\"property-excerpt\">\n\t\t\t\t\t<h4 class=\"address\">Ora\u0161ac, Hrvatska<\/h4>\n\t\t\t\t\t\t\t\t\t\t<\/div>\n\t\t\t\t\t\t\t\t<\/figcaption>\n\t\t<\/figure>\n\t<\/a>\n\n\t<div class=\"property-content content\">\n\t\t<div class=\"property-title\">\n\t\t\t<a href=\"https:\/\/almisum.hr\/hr\/property\/villa-soderini-orasac\/\"><h3 class=\"title\">Vila Soderini Ora\u0161ac<\/h3><\/a>\n\t\t<\/div>\n\t\t\t\t\t<div class=\"property-meta clearfix\">\n\t\t\t\t\t\t\t\t\t<div>\n\t\t\t\t\t\t<div class=\"meta-title\"><i class=\"icon-rooms\"><\/i><\/div>\n\t\t\t\t\t\t<div class=\"meta-data\" data-toggle=\"tooltip\" title=\"Rooms\">5 Sobe<\/div>\n\t\t\t\t\t<\/div>\n\t\t\t\t\t\t\t\t\t<div>\n\t\t\t\t\t\t<div class=\"meta-title\"><i class=\"icon-bedrooms\"><\/i><\/div>\n\t\t\t\t\t\t<div class=\"meta-data\" data-toggle=\"tooltip\" title=\"Bedrooms\">5 Spava\u0107e sobe<\/div>\n\t\t\t\t\t<\/div>\n\t\t\t\t\t\t\t\t\t<div>\n\t\t\t\t\t\t<div class=\"meta-title\"><i class=\"icon-bathrooms\"><\/i><\/div>\n\t\t\t\t\t\t<div class=\"meta-data\" data-toggle=\"tooltip\" title=\"Bathrooms\">5 Kupatila<\/div>\n\t\t\t\t\t<\/div>\n\t\t\t\t\t\t\t<\/div>\n\t\t\n\t\t\n\t\t<div class=\"property-price\">\n\n\t\t\t<div class=\"price-tag\">\n\t\t\t\t1.500.000\u20ac\t\t\t<\/div>\n\n\t\t\t<div class=\"property-icons\">\n\t\t\t\t\t\t\t\t\t<span style=\"position: relative\">\n\t\t\t\t\t\t<div class=\"share-unit\" style=\"display: none;\">\n\t\t\t\t\t\t\t<a class=\"social-facebook\" target=\"_blank\" href=\"http:\/\/www.facebook.com\/sharer.php?u=https%3A%2F%2Falmisum.hr%2Fhr%2Fproperty%2Fvilla-soderini-orasac%2F&amp;t=Vila+Soderini+Ora%C5%A1ac\"><i class=\"icon-facebook\"><\/i><\/a>\n\t\t\t\t\t\t\t<a target=\"_blank\" class=\"social-twitter\" href=\"http:\/\/twitter.com\/home?status=Vila+Soderini+Ora%C5%A1ac+https%3A%2F%2Falmisum.hr%2Fhr%2Fproperty%2Fvilla-soderini-orasac%2F\"><i class=\"icon-twitter\"><\/i><\/a>\n\t\t\t\t\t\t\t<a class=\"social-google\" target=\"_blank\" onclick=\"javascript:window.open(this.href,'', 'menubar=no,toolbar=no,resizable=yes,scrollbars=yes,height=600,width=600');return false;\" href=\"https:\/\/plus.google.com\/share?url=https:\/\/almisum.hr\/hr\/property\/villa-soderini-orasac\/\"><i class=\"icon-google-plus\"><\/i><\/a>\n\t\t\t\t\t\t\t<a class=\"social-pinterest\" target=\"_blank\" href=\"http:\/\/pinterest.com\/pin\/create\/button\/?url=https:\/\/almisum.hr\/hr\/property\/villa-soderini-orasac\/&amp;description=https%3A%2F%2Falmisum.hr%2Fhr%2Fproperty%2Fvilla-soderini-orasac%2F\"><i class=\"icon-pinterest\"><\/i><\/a>\n\t\t\t\t\t\t<\/div>\n\t\t\t\t\t\t<i class=\"icon-share share-property\" data-toggle=\"tooltip\" data-original-title=\"Share\" title=\"Share\"><\/i>\n\t\t\t\t\t<\/span>\n\t\t\t\t\n\t\t\t\t<i class=\"add-to-favorites icon-heart-1\" data-fav-id=\"2342\" data-toggle=\"tooltip\" title=\"Add To Favorites\"><\/i><i class=\"icon-add compare-property\" data-compare-id=\"2342\" data-toggle=\"tooltip\" title=\"Compare\"><\/i>\n\t\t\t\t\n\t\t\t<\/div><!-- .property-icons -->\n\t\t\t<div class=\"clearfix\"><\/div>\n\n\t\t<\/div><!-- .property-price -->\n\n\t<\/div><!-- .property-content -->\n\n\t\n<\/div><!-- .property-item -->\n\t\t\t\t\t\t<\/div>\n\t\t\t\t\t\t\t\t\t<\/div>\n\n\t\t\t\t\t\t\t\t\t<div class=\"arrow-container\" id=\"arrow-container-property_carousel_762981803\"><\/div>\n\t\t\t\t\n\t\t\t\t\n\t\t\t<\/div>\n\n\t\t\n\t\t\t\t<script>\n\t\t\t(function($) {\n\t\t\t  \"use strict\";\n\t\t\t\t$(document).ready(function() {\n\n\t\t\t\t\t\n\t\t\t\t\t\n\t\t\t\t\tvar slider_property_carousel_762981803 = $('#property_carousel_762981803')\n\t\t       \t.on('init', function(slick) {\n\t\t\t\t\t\t\t$('#property_carousel_762981803').removeClass('hide-initially');\n\t\t\t\t\t\t\t$('.loader-container').remove();\n\t        \t})\n\t        \t.slick({\n\t\t\t\t      \t\t\t\t      \t\t\t\t      autoplay: true,\n\t\t\t\t      autoplaySpeed: 5000,\n\t\t\t\t      \t\t\t\t      \t\t\t\t      infinite: true,\n\t\t\t\t      \t\t\t\t      \t\t\t\t      fade: true,\n\t\t\t\t      \t\t\t        slidesToShow: 1,\n\t\t\t        slidesToScroll: 1,\n\t\t\t        focusOnSelect: true,\n\t\t\t\t\t\t\tadaptiveHeight: true,\n\t\t\t        \t\t\t        arrows: true,\n\t\t\t        prevArrow: '<i class=\"icon-arrow-left\"><\/i>',\n\t\t\t        nextArrow: '<i class=\"icon-arrow-right\"><\/i>',\n\t\t\t        \t\t\t        appendArrows: '#arrow-container-property_carousel_762981803',\n\t\t\t        \t\t\t        \t\t\t        \t\t\t        responsive: [\n\t\t\t          {\n\t\t\t            breakpoint: 768,\n\t\t\t            settings: {\n\t\t\t              slidesToShow: 1,\n\t\t\t            }\n\t\t\t          },\n\t\t\t          {\n\t\t\t            breakpoint: 992,\n\t\t\t            settings: {\n\t\t\t              slidesToShow: 1,\n\t\t\t            }\n\t\t\t          },\n\t\t\t          {\n\t\t\t            breakpoint: 1200,\n\t\t\t            settings: {\n\t\t\t              slidesToShow: 1,\n\t\t\t            }\n\t\t\t          },\n\t\t\t        ],\n\t\t\t\t\t\t\t\t\t      });\n\n\t\t      \n\t\t    });\n\t\t  })(jQuery);\n\t  <\/script>\n\t\t\n\t\t[\/vc_column_inner][\/vc_row_inner][\/vc_column][\/vc_row]<\/p>\n<\/div>","protected":false},"excerpt":{"rendered":"<p>[vc_row full_width=&#8221;full_width&#8221; background_overlay=&#8221;full_width&#8221; background_overlay_color=&#8221;rgba(0,0,0,0.4)&#8221; slideshow_bg_url=&#8221;94,96,120&#8243; full_height=&#8221;yes&#8221; parallax=&#8221;content-moving&#8221; css=&#8221;.vc_custom_1464586358005{background-position: center;background-repeat: no-repeat;background-size: cover !important;}&#8221; slideshow_bg=&#8221;true&#8221;][vc_column][vc_row_inner equal_height=&#8221;yes&#8221; content_placement=&#8221;top&#8221;][vc_column_inner el_class=&#8221;text-align-right&#8221; width=&#8221;1\/2&#8243; css=&#8221;.vc_custom_1465829314880{padding-right: 15px !important;padding-left: ..<\/p>\n","protected":false},"author":1,"featured_media":0,"parent":0,"menu_order":0,"comment_status":"closed","ping_status":"closed","template":"","meta":{"_acf_changed":false,"footnotes":""},"class_list":["post-266","page","type-page","status-publish","hentry"],"acf":[],"_links":{"self":[{"href":"https:\/\/almisum.hr\/hr\/wp-json\/wp\/v2\/pages\/266","targetHints":{"allow":["GET"]}}],"collection":[{"href":"https:\/\/almisum.hr\/hr\/wp-json\/wp\/v2\/pages"}],"about":[{"href":"https:\/\/almisum.hr\/hr\/wp-json\/wp\/v2\/types\/page"}],"author":[{"embeddable":true,"href":"https:\/\/almisum.hr\/hr\/wp-json\/wp\/v2\/users\/1"}],"replies":[{"embeddable":true,"href":"https:\/\/almisum.hr\/hr\/wp-json\/wp\/v2\/comments?post=266"}],"version-history":[{"count":0,"href":"https:\/\/almisum.hr\/hr\/wp-json\/wp\/v2\/pages\/266\/revisions"}],"wp:attachment":[{"href":"https:\/\/almisum.hr\/hr\/wp-json\/wp\/v2\/media?parent=266"}],"curies":[{"name":"wp","href":"https:\/\/api.w.org\/{rel}","templated":true}]}}